{"id":224,"date":"2026-03-15T17:38:02","date_gmt":"2026-03-15T16:38:02","guid":{"rendered":"https:\/\/www.atelier-andrea-werner.de\/?post_type=product&#038;p=224"},"modified":"2026-03-20T11:12:40","modified_gmt":"2026-03-20T10:12:40","slug":"extravaganz-in-blau","status":"publish","type":"product","link":"https:\/\/www.atelier-andrea-werner.de\/?product=extravaganz-in-blau","title":{"rendered":"Extravaganz in Blau"},"content":{"rendered":"<p><img loading=\"lazy\" decoding=\"async\" class=\"alignnone size-medium wp-image-197\" src=\"https:\/\/www.atelier-andrea-werner.de\/wp-content\/uploads\/2026\/02\/62608AA8-A70B-4FAB-979C-BE75637E1490-225x300.jpeg\" alt=\"\" width=\"225\" height=\"300\" srcset=\"https:\/\/www.atelier-andrea-werner.de\/wp-content\/uploads\/2026\/02\/62608AA8-A70B-4FAB-979C-BE75637E1490-225x300.jpeg 225w, https:\/\/www.atelier-andrea-werner.de\/wp-content\/uploads\/2026\/02\/62608AA8-A70B-4FAB-979C-BE75637E1490-768x1024.jpeg 768w, https:\/\/www.atelier-andrea-werner.de\/wp-content\/uploads\/2026\/02\/62608AA8-A70B-4FAB-979C-BE75637E1490-1152x1536.jpeg 1152w, https:\/\/www.atelier-andrea-werner.de\/wp-content\/uploads\/2026\/02\/62608AA8-A70B-4FAB-979C-BE75637E1490-1536x2048.jpeg 1536w, https:\/\/www.atelier-andrea-werner.de\/wp-content\/uploads\/2026\/02\/62608AA8-A70B-4FAB-979C-BE75637E1490-370x493.jpeg 370w, https:\/\/www.atelier-andrea-werner.de\/wp-content\/uploads\/2026\/02\/62608AA8-A70B-4FAB-979C-BE75637E1490-1040x1387.jpeg 1040w, https:\/\/www.atelier-andrea-werner.de\/wp-content\/uploads\/2026\/02\/62608AA8-A70B-4FAB-979C-BE75637E1490-600x800.jpeg 600w, https:\/\/www.atelier-andrea-werner.de\/wp-content\/uploads\/2026\/02\/62608AA8-A70B-4FAB-979C-BE75637E1490-scaled.jpeg 1920w\" sizes=\"auto, (max-width: 225px) 100vw, 225px\" \/><img loading=\"lazy\" decoding=\"async\" class=\"alignnone size-medium wp-image-214\" src=\"https:\/\/www.atelier-andrea-werner.de\/wp-content\/uploads\/2026\/03\/B550345E-9A54-4D76-BA40-8809ADCB81E4_4_5005_c-225x300.jpeg\" alt=\"\" width=\"225\" height=\"300\" srcset=\"https:\/\/www.atelier-andrea-werner.de\/wp-content\/uploads\/2026\/03\/B550345E-9A54-4D76-BA40-8809ADCB81E4_4_5005_c-225x300.jpeg 225w, https:\/\/www.atelier-andrea-werner.de\/wp-content\/uploads\/2026\/03\/B550345E-9A54-4D76-BA40-8809ADCB81E4_4_5005_c.jpeg 360w\" sizes=\"auto, (max-width: 225px) 100vw, 225px\" \/><\/p>\n<p>Royalblauer Fascinator mit \u00fcppigem Federschmuck<\/p>\n<p>Gr\u00f6\u00dfe 24cm<\/p>\n","protected":false},"excerpt":{"rendered":"<p>Royalblauer Fascinator mit \u00fcppigem Federschmuck Gr\u00f6\u00dfe 24cm<\/p>\n","protected":false},"featured_media":213,"comment_status":"open","ping_status":"closed","template":"","meta":[],"product_brand":[],"product_cat":[15,44],"product_tag":[],"class_list":{"0":"post-224","1":"product","2":"type-product","3":"status-publish","4":"has-post-thumbnail","6":"product_cat-unkategorisiert","7":"product_cat-fascinator","9":"first","10":"instock","11":"sold-individually","12":"shipping-taxable","13":"purchasable","14":"product-type-simple"},"jetpack_sharing_enabled":true,"_links":{"self":[{"href":"https:\/\/www.atelier-andrea-werner.de\/index.php?rest_route=\/wp\/v2\/product\/224","targetHints":{"allow":["GET"]}}],"collection":[{"href":"https:\/\/www.atelier-andrea-werner.de\/index.php?rest_route=\/wp\/v2\/product"}],"about":[{"href":"https:\/\/www.atelier-andrea-werner.de\/index.php?rest_route=\/wp\/v2\/types\/product"}],"replies":[{"embeddable":true,"href":"https:\/\/www.atelier-andrea-werner.de\/index.php?rest_route=%2Fwp%2Fv2%2Fcomments&post=224"}],"wp:featuredmedia":[{"embeddable":true,"href":"https:\/\/www.atelier-andrea-werner.de\/index.php?rest_route=\/wp\/v2\/media\/213"}],"wp:attachment":[{"href":"https:\/\/www.atelier-andrea-werner.de\/index.php?rest_route=%2Fwp%2Fv2%2Fmedia&parent=224"}],"wp:term":[{"taxonomy":"product_brand","embeddable":true,"href":"https:\/\/www.atelier-andrea-werner.de\/index.php?rest_route=%2Fwp%2Fv2%2Fproduct_brand&post=224"},{"taxonomy":"product_cat","embeddable":true,"href":"https:\/\/www.atelier-andrea-werner.de\/index.php?rest_route=%2Fwp%2Fv2%2Fproduct_cat&post=224"},{"taxonomy":"product_tag","embeddable":true,"href":"https:\/\/www.atelier-andrea-werner.de\/index.php?rest_route=%2Fwp%2Fv2%2Fproduct_tag&post=224"}],"curies":[{"name":"wp","href":"https:\/\/api.w.org\/{rel}","templated":true}]}}